{"id":2419,"date":"2022-02-15T14:56:30","date_gmt":"2022-02-15T13:56:30","guid":{"rendered":"https:\/\/blogs.uo.edu.cu\/doctoradocienciasambientales\/?page_id=2419"},"modified":"2024-01-23T17:59:26","modified_gmt":"2024-01-23T16:59:26","slug":"gestion-integrada-de-ecosistemas-y-recursos","status":"publish","type":"page","link":"https:\/\/blogs.uo.edu.cu\/doctoradocienciasambientales\/gestion-integrada-de-ecosistemas-y-recursos\/","title":{"rendered":"Gesti\u00f3n integrada de ecosistemas y recursos naturales para la mitigaci\u00f3n de impactos (GIR&amp;E)"},"content":{"rendered":"\n<h1 class=\"wp-block-heading\">Objetivo:<\/h1>\n\n\n\n<p>La l\u00ednea de investigaci\u00f3n gesti\u00f3n integrada de recursos naturales para la mitigaci\u00f3n de impactos medioambientales, tiene como objetivo general: generar nuevos conocimientos cient\u00edficos y capacidades institucionales de excelencia que contribuyan a la adaptaci\u00f3n y mitigaci\u00f3n del cambio clim\u00e1tico, la elevaci\u00f3n de la calidad de vida y la gesti\u00f3n sostenible de los ecosistemas y asentamientos humanos, partiendo de investigaciones sobre sus componentes y procesos de forma hol\u00edstica, conciliando acciones de conservaci\u00f3n y\/o protecci\u00f3n con el desarrollo, en consonancia con la estrategia ambiental nacional, con particular inter\u00e9s en la regi\u00f3n oriental de Cuba.<\/p>\n\n\n\n<p>Las investigaciones deben considerar como objetivo la necesidad de realizar transformaciones esenciales en la cultura ambiental desde todas las esferas de la sociedad, con soluciones que puedan contribuir al cambio de comportamientos y actitudes individuales y colectivas, teniendo en cuenta la situaci\u00f3n ambiental actual, desde la mirada cr\u00edtica y probl\u00e9mica, que posibilite edificar una sociedad socialista pr\u00f3spera y sustentable<strong>. <\/strong>En este sentido es necesario atender el desarrollo de la percepci\u00f3n ambiental para la interpretaci\u00f3n hol\u00edstica de los problemas de su contexto, desde la perspectiva del desarrollo sostenible, teniendo en cuenta el contexto de actuaci\u00f3n, as\u00ed como el dominio de las exigencias de la pol\u00edtica de ciencia, tecnolog\u00eda e innovaci\u00f3n, y la pol\u00edtica social, para concretar un aprendizaje y accionar ambiental desde la perspectiva del desarrollo sostenible, considerando la problem\u00e1tica de la situaci\u00f3n ambiental contempor\u00e1nea.<\/p>\n\n\n\n<h1 class=\"wp-block-heading\">Sub-l\u00edneas de investigaci\u00f3n<\/h1>\n\n\n\n<p>La actividad cient\u00edfica se organiza en las siguientes sub-l\u00edneas de investigaci\u00f3n:<\/p>\n\n\n\n<ul class=\"wp-block-list\">\n<li><strong>Adaptaci\u00f3n y mitigaci\u00f3n de impactos del cambio clim\u00e1tico<\/strong><\/li>\n\n\n\n<li><strong>Calidad ambiental y desarrollo sostenible<\/strong><\/li>\n\n\n\n<li><strong>Desarrollo de mecanismos eficaces de supervisi\u00f3n y fiscalizaci\u00f3n ambiental<\/strong><\/li>\n\n\n\n<li><strong>Gesti\u00f3n integrada de recursos naturales<\/strong><\/li>\n\n\n\n<li><strong>Gesti\u00f3n de ecosistemas, conservaci\u00f3n y protecci\u00f3n del patrimonio natural de Cuba<\/strong><\/li>\n<\/ul>\n\n\n\n<h1 class=\"wp-block-heading\">L\u00edderes<\/h1>\n\n\n\n<p>Para la definici\u00f3n de los l\u00edderes cient\u00edficos responsables esta l\u00ednea se ha tenido en cuenta la trayectoria cient\u00edfica, aportes, experiencia de los profesores y vinculaci\u00f3n activa adem\u00e1s de experiencia profesional en la l\u00ednea. Los l\u00edderes son miembros del Comit\u00e9 de Doctorado y han tenido una labor integral de excelencia en el campo acad\u00e9mico y pol\u00edtico ideol\u00f3gico, destacando su alto compromiso el desarrollo acad\u00e9mico y cient\u00edfico del pa\u00eds. Han sido nombrado dos l\u00edderes pertenecientes a diferentes instituciones:<\/p>\n\n\n\n<ul class=\"wp-block-list\">\n<li>Dr. C. Orlando Joel Reyes Dom\u00ednguez (BIOECO)<\/li>\n\n\n\n<li>Dr.C Ofelia P\u00e9rez Montero (CEMZOC, Facultad de Construcciones, UO)<\/li>\n<\/ul>\n","protected":false},"excerpt":{"rendered":"<p>Objetivo: La l\u00ednea de investigaci\u00f3n gesti\u00f3n integrada de recursos naturales para la mitigaci\u00f3n de impactos medioambientales, tiene como objetivo general: &hellip; <\/p>\n","protected":false},"author":937,"featured_media":0,"parent":0,"menu_order":0,"comment_status":"closed","ping_status":"closed","template":"elementor_header_footer","meta":{"_uag_custom_page_level_css":"","ngg_post_thumbnail":0,"footnotes":""},"class_list":["post-2419","page","type-page","status-publish","hentry"],"uagb_featured_image_src":{"full":false,"thumbnail":false,"medium":false,"medium_large":false,"large":false,"1536x1536":false,"2048x2048":false,"education-zone-banner":false,"education-zone-image-full":false,"education-zone-image":false,"education-zone-recent-post":false,"education-zone-search-result":false,"education-zone-featured-course":false,"education-zone-testimonial":false,"education-zone-blog-full":false},"uagb_author_info":{"display_name":"doctoradocienciasambientales","author_link":"https:\/\/blogs.uo.edu.cu\/doctoradocienciasambientales\/author\/doctoradocienciasambientales\/"},"uagb_comment_info":0,"uagb_excerpt":"Objetivo: La l\u00ednea de investigaci\u00f3n gesti\u00f3n integrada de recursos naturales para la mitigaci\u00f3n de impactos medioambientales, tiene como objetivo general: &hellip;","_links":{"self":[{"href":"https:\/\/blogs.uo.edu.cu\/doctoradocienciasambientales\/wp-json\/wp\/v2\/pages\/2419","targetHints":{"allow":["GET"]}}],"collection":[{"href":"https:\/\/blogs.uo.edu.cu\/doctoradocienciasambientales\/wp-json\/wp\/v2\/pages"}],"about":[{"href":"https:\/\/blogs.uo.edu.cu\/doctoradocienciasambientales\/wp-json\/wp\/v2\/types\/page"}],"author":[{"embeddable":true,"href":"https:\/\/blogs.uo.edu.cu\/doctoradocienciasambientales\/wp-json\/wp\/v2\/users\/937"}],"replies":[{"embeddable":true,"href":"https:\/\/blogs.uo.edu.cu\/doctoradocienciasambientales\/wp-json\/wp\/v2\/comments?post=2419"}],"version-history":[{"count":6,"href":"https:\/\/blogs.uo.edu.cu\/doctoradocienciasambientales\/wp-json\/wp\/v2\/pages\/2419\/revisions"}],"predecessor-version":[{"id":2835,"href":"https:\/\/blogs.uo.edu.cu\/doctoradocienciasambientales\/wp-json\/wp\/v2\/pages\/2419\/revisions\/2835"}],"wp:attachment":[{"href":"https:\/\/blogs.uo.edu.cu\/doctoradocienciasambientales\/wp-json\/wp\/v2\/media?parent=2419"}],"curies":[{"name":"wp","href":"https:\/\/api.w.org\/{rel}","templated":true}]}}