{"id":2449,"date":"2022-03-02T19:18:06","date_gmt":"2022-03-02T18:18:06","guid":{"rendered":"https:\/\/blogs.uo.edu.cu\/doctoradocienciasambientales\/?page_id=2449"},"modified":"2024-02-06T17:11:57","modified_gmt":"2024-02-06T16:11:57","slug":"grupo-alejandro-de-humboldt","status":"publish","type":"page","link":"https:\/\/blogs.uo.edu.cu\/doctoradocienciasambientales\/grupo-alejandro-de-humboldt\/","title":{"rendered":"Grupo Alejandro de Humboldt"},"content":{"rendered":"\n<p><strong>Listado de temas, tutores y oponentes<\/strong><\/p>\n\n\n\n<figure class=\"wp-block-table is-style-stripes\"><table><tbody><tr><td><strong>Autor y<\/strong> <strong>Tutores<\/strong><\/td><td><strong>Tema<\/strong><\/td><td><strong>Oponentes<\/strong><\/td><\/tr><tr><td>Oscar Maury Russo- <em>Dr.C. Alexis P\u00e9rez Figueredo\/ Dr.C. B\u00e1rbaro Zabala Lahitte<\/em><\/td><td>Modelo para el desarrollo del turismo de naturaleza en el Parque Nacional Alejandro de Humboldt en el marco de la Agenda 2030<\/td><td>Rosario Le\u00f3n &nbsp;<\/td><\/tr><tr><td>Alexander Fern\u00e1ndez Vel\u00e1zquez- <em>Dr.C. Javier P\u00e9rez Capdevila\/ Dr.C. Lisbet Font Vila<\/em><\/td><td>Modelo de gesti\u00f3n para el manejo sostenible de tierras en la regi\u00f3n semi\u00e1rida de Guant\u00e1namo<\/td><td>Abelardo Planas<\/td><\/tr><tr><td>Arisleidys Pe\u00f1a de la Cruz- <em>Dr.C. Ricardo T\u00e9llez\/ Dr:C. Eduardo Planos<\/em><\/td><td>Evaluaci\u00f3n, predicci\u00f3n y proyecci\u00f3n del topoclima en ecosistemas de monta\u00f1a en el Oriente de Cuba<\/td><td>Joel Reyes<\/td><\/tr><tr><td>Eliecer Constante Bonnane- <em>Dr.C. Bisleyvis Jim\u00e9nez Valero\/ Dr.C. Yilian Rodr\u00edguez Clavijo<\/em><\/td><td>Modelo te\u00f3rico de co-innovaci\u00f3n orientado a la resiliencia de sistemas productivos de monta\u00f1a<\/td><td>Claudio Carracedo<\/td><\/tr><tr><td>Porfilio Correa L\u00f3pez- <em>Dr.C.<\/em> <em>Rafael Guardado Lacaba\/ Dr.C.Ricardo Delgado T\u00e9llez<\/em><\/td><td>Estudio del proceso erosi\u00f3n-sedimentaci\u00f3n en el Noreste de Cuba<\/td><td>Abelardo Planas<\/td><\/tr><tr><td>Hayler Mar\u00eda P\u00e9rez Trejo- <em>Dr.C. Luz Margarita Figueredo\/ Dr.C. Orlando Joel Reyes<\/em><\/td><td>Conservaci\u00f3n de especies forestales amenazadas en el PN Alejandro Humboldt<\/td><td>Joel Reyes<\/td><\/tr><tr><td>Annielis Garc\u00eda Gonz\u00e1lez- <em>Dr.C<\/em>. <em>Liliana Gomez Luna\/ Dr.C. Armando Ugarte<\/em><\/td><td>Modelo de gesti\u00f3n de riesgos en zonas de conflicto: un an\u00e1lisis de la bah\u00eda de Guant\u00e1namo<\/td><td>Fernando Guasch<\/td><\/tr><tr><td>Rafael Par\u00faas Cuza- <em>Dr.C. M\u00f3nica Berenguer\/ Dr.C. Happy Salas<\/em><\/td><td>Modelo de gesti\u00f3n de externalidades ambientales desde el enfoque de costo para el desarrollo de la energ\u00eda fotovoltaica en Cuba<\/td><td>Jos\u00e9 Su\u00e1rez<\/td><\/tr><tr><td>Miguel A. Rodr\u00edguez Iglesias-<em>Dr.C. Fernando Guash\/ Dr.C. Liliana Gomez Luna<\/em><\/td><td>Contribuci\u00f3n de la gesti\u00f3n de riesgos para el desarrollo sustentable en sistema urbano complejo: Caso de estudio, ciudad de Baracoa.<\/td><td>Alexis P\u00e9rez<\/td><\/tr><tr><td>Yinet Marzo Manuel- <em>Dr.C. P\u00e1vel Vargas\/ Dr.C. Liliana Gomez Luna<\/em><\/td><td>Modelo de gesti\u00f3n integrada para una oferta h\u00eddrica segura en la cuenca Guant\u00e1namo-Guaso<\/td><td>Mayra Salas<\/td><\/tr><tr><td>Esvillel Ferrer Pozo- <em>Dr.C. <\/em><em>&nbsp;Jos\u00e9 Evelio Guti\u00e9rrez<\/em><\/td><td>Gesti\u00f3n integrada del recurso agua en condiciones de sequ\u00eda hidr\u00e1ulica<\/td><td>Fernando Guasch<\/td><\/tr><tr><td>Javier P\u00e9rez Perera- <em>Dr.C. Karen Alvarado Ruffo<\/em><\/td><td>Gesti\u00f3n de riesgo ante fen\u00f3menos hidrometeorol\u00f3gicos extremos en plantaciones de <em>Cocos nucifera<\/em> L. del municipio Baracoa basado en un enfoqueecosist\u00e9mico y prospectivo<\/td><td>Claudio Carracedo<\/td><\/tr><tr><td>Adela Fr\u00f3meta Cobas- <em>Dr.C. Elizabeth Isaac\/ <\/em><em>Dr.C. <\/em><em>Arnaldo Fabi\u00e1n \u00c1lvarez<\/em><\/td><td>Efectos de la gesti\u00f3n del patrimonio forestal sobre el ciclo del carbono en las condiciones edafoclim\u00e1ticas de la provincia de Guant\u00e1namo<\/td><td>Luz Margarita Figueredo<\/td><\/tr><tr><td>Anaily Mu\u00f1oz Padilla- <em>Dr.C<\/em>.<em> Fernando Guash Hechavarr\u00eda\/ Ileana Ben\u00edtez<\/em><\/td><td>Din\u00e1mica migratoria en escenarios de riesgos ambientales: un an\u00e1lisis del oriente de Cuba<\/td><td>Ofelia P\u00e9rez<\/td><\/tr><tr><td>Esteban Guillermo Leyva Castellanos- <em>Fernando Guash Hechavarr\u00eda<\/em><\/td><td>La construcci\u00f3n social del riesgo en comunidades de la costa Sur de la provincia de Guant\u00e1namo: condicionante del actuar en situaciones de emergencia<\/td><td>Liliana Gomez Luna<\/td><\/tr><tr><td>Guillermo Lemes Mojena- <em>Dr.C. Alexis P\u00e9rez Figueredo\/ Dr.C. Rafael Miguel Guardado Lacaba<\/em><\/td><td>Gesti\u00f3n de riesgo ante mutipeligros en la gesti\u00f3n del desarrollo local. Caso de estudio: Provincia Guant\u00e1namo<\/td><td>Alejandro Zapata<\/td><\/tr><tr><td>Yousy Baby Ram\u00edrez-<em>Dr.C. Mayra Salas- Dr.C. Liliana Gomez Luna<\/em><\/td><td>Vulnerabilidad a la inseguridad alimentaria y nutricional en escenarios multiriesgos: un an\u00e1lisis en el contexto familiar<\/td><td>Elizabeth Isaac Alem\u00e1n<\/td><\/tr><\/tbody><\/table><\/figure>\n","protected":false},"excerpt":{"rendered":"<p>Listado de temas, tutores y oponentes Autor y Tutores Tema Oponentes Oscar Maury Russo- Dr.C. Alexis P\u00e9rez Figueredo\/ Dr.C. B\u00e1rbaro &hellip; <\/p>\n","protected":false},"author":937,"featured_media":0,"parent":0,"menu_order":0,"comment_status":"closed","ping_status":"closed","template":"","meta":{"_uag_custom_page_level_css":"","ngg_post_thumbnail":0,"footnotes":""},"class_list":["post-2449","page","type-page","status-publish","hentry"],"uagb_featured_image_src":{"full":false,"thumbnail":false,"medium":false,"medium_large":false,"large":false,"1536x1536":false,"2048x2048":false,"education-zone-banner":false,"education-zone-image-full":false,"education-zone-image":false,"education-zone-recent-post":false,"education-zone-search-result":false,"education-zone-featured-course":false,"education-zone-testimonial":false,"education-zone-blog-full":false},"uagb_author_info":{"display_name":"doctoradocienciasambientales","author_link":"https:\/\/blogs.uo.edu.cu\/doctoradocienciasambientales\/author\/doctoradocienciasambientales\/"},"uagb_comment_info":0,"uagb_excerpt":"Listado de temas, tutores y oponentes Autor y Tutores Tema Oponentes Oscar Maury Russo- Dr.C. Alexis P\u00e9rez Figueredo\/ Dr.C. B\u00e1rbaro &hellip;","_links":{"self":[{"href":"https:\/\/blogs.uo.edu.cu\/doctoradocienciasambientales\/wp-json\/wp\/v2\/pages\/2449","targetHints":{"allow":["GET"]}}],"collection":[{"href":"https:\/\/blogs.uo.edu.cu\/doctoradocienciasambientales\/wp-json\/wp\/v2\/pages"}],"about":[{"href":"https:\/\/blogs.uo.edu.cu\/doctoradocienciasambientales\/wp-json\/wp\/v2\/types\/page"}],"author":[{"embeddable":true,"href":"https:\/\/blogs.uo.edu.cu\/doctoradocienciasambientales\/wp-json\/wp\/v2\/users\/937"}],"replies":[{"embeddable":true,"href":"https:\/\/blogs.uo.edu.cu\/doctoradocienciasambientales\/wp-json\/wp\/v2\/comments?post=2449"}],"version-history":[{"count":4,"href":"https:\/\/blogs.uo.edu.cu\/doctoradocienciasambientales\/wp-json\/wp\/v2\/pages\/2449\/revisions"}],"predecessor-version":[{"id":2906,"href":"https:\/\/blogs.uo.edu.cu\/doctoradocienciasambientales\/wp-json\/wp\/v2\/pages\/2449\/revisions\/2906"}],"wp:attachment":[{"href":"https:\/\/blogs.uo.edu.cu\/doctoradocienciasambientales\/wp-json\/wp\/v2\/media?parent=2449"}],"curies":[{"name":"wp","href":"https:\/\/api.w.org\/{rel}","templated":true}]}}