{"id":2677,"date":"2022-09-02T17:59:39","date_gmt":"2022-09-02T15:59:39","guid":{"rendered":"https:\/\/blogs.uo.edu.cu\/doctoradocienciasambientales\/?page_id=2677"},"modified":"2024-01-23T18:11:55","modified_gmt":"2024-01-23T17:11:55","slug":"gestion-de-riesgos-para-el-desarrollo-grd","status":"publish","type":"page","link":"https:\/\/blogs.uo.edu.cu\/doctoradocienciasambientales\/gestion-de-riesgos-para-el-desarrollo-grd\/","title":{"rendered":"Gesti\u00f3n de riesgos para el desarrollo (GRD)"},"content":{"rendered":"\n<h1 class=\"wp-block-heading\">Objetivo:<\/h1>\n\n\n\n<p>Esta l\u00ednea tiene como objetivo general generar nuevos conocimientos cient\u00edficos y capacidades institucionales de excelencia que contribuyan a la adaptaci\u00f3n y mitigaci\u00f3n del cambio clim\u00e1tico, a la elevaci\u00f3n de la calidad de vida y la sostenibilidad, con un enfoque orientado a la gesti\u00f3n del riesgo en espacios de relevancia social, en estrecho v\u00ednculo con la salud humana, con particular inter\u00e9s en la regi\u00f3n oriental de Cuba. \u00a0Tiene especial v\u00ednculo con la Tarea Vida, en consonancia con la estrategia ambiental nacional, se destaca por su relevancia social y la integridad de enfoques que se necesitan para el abordaje de investigaciones que, dentro de la esencialidad de las Ciencias Ambientales, consideren el tema de los riesgos.<\/p>\n\n\n\n<p>Est\u00e1 en plena consonancia con la pol\u00edtica del pa\u00eds y responde a intereses espec\u00edficos declarados en el eje estrat\u00e9gico de recursos naturales. Esta l\u00ednea, en estrecha relaci\u00f3n con las l\u00edneas de gesti\u00f3n integrada de recursos naturales para la mitigaci\u00f3n de impactos medioambientales, privilegia aspectos de salud, por su relevancia social y su estrecha relaci\u00f3n con los riesgos ambientales, por lo que se necesita una visi\u00f3n que garantice el enfoque integrado que demanda este tema.<\/p>\n\n\n\n<p>Se ocupar\u00e1 no solo de la evidencia tradicional del sistema clim\u00e1tico f\u00edsico y los impactos asociados y las vulnerabilidades del cambio clim\u00e1tico, junto con el conocimiento extra\u00eddo de las percepciones de riesgo y las experiencias de los impactos clim\u00e1ticos y los sistemas de gobernanza. Sino que se extiende al an\u00e1lisis de los procesos que generan los riesgos, sus consecuencias; los escenarios a futuro, con las consideraciones \u00e9ticas pertinentes para las transformaciones sociales necesarias. Es bien conocido que no existe una respuesta \u00fanica a la pregunta de si es factible limitar el calentamiento a 1.5 \u00b0C y adaptarse a las consecuencias. La transformaci\u00f3n para limitar el calentamiento a 1.5 \u00b0C requiere condiciones propicias que reflejen los v\u00ednculos, sinergias y compensaciones entre mitigaci\u00f3n, adaptaci\u00f3n y desarrollo sostenible. Estas condiciones propicias se eval\u00faan en muchas dimensiones de factibilidad: geof\u00edsica, ambiental-ecol\u00f3gica, tecnol\u00f3gica, econ\u00f3mica, sociocultural e institucional, que pueden considerarse a trav\u00e9s de la lente unificadora del Antropoceno, reconociendo influencias humanas profundas, diferenciales, pero cada vez m\u00e1s geol\u00f3gicamente significativas, con la cascada de impactos correspondientes y las interconectividades a diferentes niveles. Se enfatizar\u00e1 adem\u00e1s en la interconectividad global de las relaciones humano-ambientales pasadas, presentes y futuras, destacando la necesidad y las oportunidades de respuestas integradas.<\/p>\n\n\n\n<p><\/p>\n\n\n\n<h1 class=\"wp-block-heading\">Sub-l\u00edneas de investigaci\u00f3n<\/h1>\n\n\n\n<p>La actividad cient\u00edfica se organiza en las siguientes sub-l\u00edneas de investigaci\u00f3n:<\/p>\n\n\n\n<ul class=\"wp-block-list\">\n<li><strong>Gesti\u00f3n de riesgos en espacios de relevancia socia<\/strong><\/li>\n\n\n\n<li><strong>Gesti\u00f3n integrada en espacios de riesgo<\/strong><\/li>\n\n\n\n<li><strong>Riesgos ambientales, Ecotoxicolog\u00eda y salud<\/strong><\/li>\n\n\n\n<li><strong>Gesti\u00f3n de riesgos epidemiol\u00f3gicos<\/strong><\/li>\n\n\n\n<li><strong>Vulnerabilidad, resiliencia y desarrollo sostenible<\/strong><\/li>\n<\/ul>\n\n\n\n<h1 class=\"wp-block-heading\">L\u00edderes<\/h1>\n\n\n\n<p>Para la definici\u00f3n de los l\u00edderes cient\u00edficos responsables esta l\u00ednea se ha tenido en cuenta la trayectoria cient\u00edfica, aportes, experiencia de los profesores y vinculaci\u00f3n activa adem\u00e1s de experiencia profesional en la l\u00ednea. Los l\u00edderes son miembros del Comit\u00e9 de Doctorado y han tenido una labor integral de excelencia en el campo acad\u00e9mico y pol\u00edtico ideol\u00f3gico, destacando su alto compromiso el desarrollo acad\u00e9mico y cient\u00edfico del pa\u00eds. Han sido nombrado dos l\u00edderes pertenecientes a diferentes instituciones:<\/p>\n\n\n\n<ul class=\"wp-block-list\">\n<li><strong>Dr.C. Fernando Guasch Hechavarr\u00eda (UG)<\/strong><\/li>\n\n\n\n<li><strong>Dr.C. Liliana Mar\u00eda Gomez Luna (UO)<\/strong><\/li>\n<\/ul>\n","protected":false},"excerpt":{"rendered":"<p>Objetivo: Esta l\u00ednea tiene como objetivo general generar nuevos conocimientos cient\u00edficos y capacidades institucionales de excelencia que contribuyan a la &hellip; <\/p>\n","protected":false},"author":937,"featured_media":0,"parent":0,"menu_order":0,"comment_status":"closed","ping_status":"closed","template":"elementor_header_footer","meta":{"_uag_custom_page_level_css":"","ngg_post_thumbnail":0,"footnotes":""},"class_list":["post-2677","page","type-page","status-publish","hentry"],"uagb_featured_image_src":{"full":false,"thumbnail":false,"medium":false,"medium_large":false,"large":false,"1536x1536":false,"2048x2048":false,"education-zone-banner":false,"education-zone-image-full":false,"education-zone-image":false,"education-zone-recent-post":false,"education-zone-search-result":false,"education-zone-featured-course":false,"education-zone-testimonial":false,"education-zone-blog-full":false},"uagb_author_info":{"display_name":"doctoradocienciasambientales","author_link":"https:\/\/blogs.uo.edu.cu\/doctoradocienciasambientales\/author\/doctoradocienciasambientales\/"},"uagb_comment_info":0,"uagb_excerpt":"Objetivo: Esta l\u00ednea tiene como objetivo general generar nuevos conocimientos cient\u00edficos y capacidades institucionales de excelencia que contribuyan a la &hellip;","_links":{"self":[{"href":"https:\/\/blogs.uo.edu.cu\/doctoradocienciasambientales\/wp-json\/wp\/v2\/pages\/2677","targetHints":{"allow":["GET"]}}],"collection":[{"href":"https:\/\/blogs.uo.edu.cu\/doctoradocienciasambientales\/wp-json\/wp\/v2\/pages"}],"about":[{"href":"https:\/\/blogs.uo.edu.cu\/doctoradocienciasambientales\/wp-json\/wp\/v2\/types\/page"}],"author":[{"embeddable":true,"href":"https:\/\/blogs.uo.edu.cu\/doctoradocienciasambientales\/wp-json\/wp\/v2\/users\/937"}],"replies":[{"embeddable":true,"href":"https:\/\/blogs.uo.edu.cu\/doctoradocienciasambientales\/wp-json\/wp\/v2\/comments?post=2677"}],"version-history":[{"count":5,"href":"https:\/\/blogs.uo.edu.cu\/doctoradocienciasambientales\/wp-json\/wp\/v2\/pages\/2677\/revisions"}],"predecessor-version":[{"id":2844,"href":"https:\/\/blogs.uo.edu.cu\/doctoradocienciasambientales\/wp-json\/wp\/v2\/pages\/2677\/revisions\/2844"}],"wp:attachment":[{"href":"https:\/\/blogs.uo.edu.cu\/doctoradocienciasambientales\/wp-json\/wp\/v2\/media?parent=2677"}],"curies":[{"name":"wp","href":"https:\/\/api.w.org\/{rel}","templated":true}]}}