{"id":80,"date":"2018-02-21T04:41:16","date_gmt":"2018-02-21T04:41:16","guid":{"rendered":"http:\/\/localhost\/PatrimonioUO\/?page_id=80"},"modified":"2018-02-21T04:41:16","modified_gmt":"2018-02-21T04:41:16","slug":"efemerides-universitarias","status":"publish","type":"page","link":"https:\/\/blogs.uo.edu.cu\/patrimonio\/efemerides-universitarias\/","title":{"rendered":"Efem\u00e9rides Universitarias"},"content":{"rendered":"<p><strong>Efem\u00e9rides universitarias para la web del Departamento de Patrimonio (2do semestre de 2018)<\/strong><\/p>\n<p style=\"text-align: center\"><em><strong>Julio<\/strong><\/em><\/p>\n<p><strong>1955.<\/strong> Jorge Ibarra Cuesta, estudiante de Derecho y expresidente de la FEUO, en el art\u00edculo: \u201cEn defensa de la Universidad de Oriente\u201d publicado en Bohemia, refut\u00f3 las acusaciones en contra de los profesores del centro acusados de comunistas.<\/p>\n<p><strong>1961.<\/strong> Se acuerda poner en funcionamiento la Escuela de Medicina de la Universidad de Oriente, que comenz\u00f3 a funcionar en el curso 1962-1963, con la colaboraci\u00f3n de varios pilares de las Ciencias M\u00e9dicas en Cuba y Latinoam\u00e9rica. Su primer decano fue el doctor Abdo Hern\u00e1ndez.<\/p>\n<p><strong>30-1957.<\/strong> Fueron asesinados en Santiago de Cuba Frank Pa\u00eds Garc\u00eda y Ra\u00fal Pujol Arencibia, el primero era el l\u00edder del MR 26-7 en el llano y ex alumno de la Escuela de Educaci\u00f3n de la Universidad de Oriente, donde fue electo secretario de la\u00a0 Asociaci\u00f3n de Alumnos de 1953 a 1954.<\/p>\n<p><strong>\u00a0<\/strong><\/p>\n<p style=\"text-align: center\"><em><strong>Agosto<\/strong><\/em><\/p>\n<p><strong>2-1958.<\/strong> Cuando participaba en la Operaci\u00f3n de rescate del revolucionario Carlos Iglesias, Nicaragua, trasladado prisionero en el tren a Santiago de Cuba, result\u00f3 muerto Jos\u00e9 Mercer\u00f3n Allen, combatiente del II Frente Oriental \u201cFrank Pa\u00eds\u201d y ex alumno de la Escuela de Educaci\u00f3n de la Universidad de Oriente, de la que solicit\u00f3 su traslado para la Escuela de Ingenier\u00eda.<\/p>\n<p><strong>5-1958.<\/strong> A consecuencia de las horribles torturas a que fue sometido luego de su detenci\u00f3n por los esbirros de la tiran\u00eda falleci\u00f3, Juan Francisco Bosch Soto, Ququi, ex alumno de la Escuela de Derecho de la Universidad de Oriente.<\/p>\n<p><strong>17-1947<\/strong>. Se crea el primer Consejo Universitario de la Sociedad Directiva Universidad de Oriente presidido por el Dr. Felipe Salcines Morlote (Rector).<\/p>\n<p><strong>29-1947.<\/strong> El Consejo Universitario de la Universidad de Oriente acord\u00f3 la creaci\u00f3n del Departamento de Extensi\u00f3n y Relaciones Culturales, dirigido por el Dr. Felipe Mart\u00ednez Arango.<\/p>\n<p><strong>24-1959. <\/strong>Inicia sus sesiones la Asamblea Estatuaria integrada por profesores y estudiantes hasta el 12 de enero de 1960, en que se acord\u00f3 el proyecto de Estatutos que luego fue aprobado por el Claustro General y el cual servir\u00eda de base \u201c\u2026para que nuestra universidad logre un desarrollo extraordinario cultural, acad\u00e9mico, cient\u00edfico, en fin, en todos los \u00f3rdenes\u201d.<\/p>\n<p><strong>\u00a0<\/strong><\/p>\n<p style=\"text-align: center\"><em><strong>Septiembre<\/strong><\/em><\/p>\n<p><strong>1-1963.<\/strong> Se efectu\u00f3 la Asamblea Seccional de la Uni\u00f3n de J\u00f3venes Comunistas, donde qued\u00f3 constituido el Comit\u00e9 Seccional y el Bur\u00f3 Ejecutivo de la Universidad de Oriente.<\/p>\n<p><strong>8-1931. <\/strong>Naci\u00f3 en Santiago de Cuba, Jos\u00e9 Mercer\u00f3n Allen (Pepecito), m\u00e1rtir universitario.<\/p>\n<p><strong>8-1951.<\/strong> Fue inaugurada la Escuela Anexa adscripta a la Escuela de Educaci\u00f3n de la Facultad de Filosof\u00eda y Educaci\u00f3n de la Universidad de Oriente, cuyo director fue el Dr. Gabriel Le\u00f3n Bizet, donde funcionaba una escuela primaria elemental y superior que sirvi\u00f3 de laboratorio general para las actividades te\u00f3ricas y pr\u00e1cticas de los alumnos de la carrera pedag\u00f3gica. En 1965 en esta instalaci\u00f3n se ubica el Instituto Pedag\u00f3gico \u201cFrank Pa\u00eds Garc\u00eda\u201d y en el curso 1976-77 es ocupada por la Facultad de Ciencias Naturales.<\/p>\n<p><strong>15-1953<\/strong>. El maestro graduado de la Escuela Normal de Oriente Frank Pa\u00eds Garc\u00eda, matricula la carrera de Pedagog\u00eda en la Escuela de Educaci\u00f3n de la Universidad de Oriente, con el n\u00famero de expediente 20-543.<\/p>\n<p><strong>18-1953<\/strong>. El maestro graduado de la Escuela Normal de Oriente Jos\u00e9 Tey Saint Blancard, matricula la carrera de Pedagog\u00eda en la Escuela de Educaci\u00f3n de la Universidad de Oriente, con el n\u00famero de expediente 20-660.<\/p>\n<p><strong>\u00a01981<\/strong>. En el vuelo c\u00f3smico conjunto sovi\u00e9tico \u2013 cubano donde particip\u00f3 el primer cosmonauta de Latinoam\u00e9rica, el cubano, Arnaldo Tamayo M\u00e9ndez, se realiz\u00f3 el experimento Zona donde participaron investigadores del Departamento de F\u00edsica de la Universidad de Oriente, entre ellos el Dr. Ram\u00f3n Pomes Hern\u00e1ndez.<\/p>\n<p><strong>25-1936.<\/strong> Naci\u00f3 en Santiago de Cuba, Eduardo Mesa LLul (Eduardito), m\u00e1rtir universitario.<\/p>\n<p>&nbsp;<\/p>\n<p style=\"text-align: center\"><em><strong>Octubre<\/strong><\/em><\/p>\n<p><strong>2-1955.<\/strong> Se constituye oficialmente la Asociaci\u00f3n de Empleados de la Universidad de Oriente uno de cuyos prop\u00f3sitos era: \u201cDefensa de la Universidad de Oriente, luchar por su progreso y supervivencia como fuente de trabajo estable y duradera (\u2026) el mantenimiento rec\u00edproco de reconocimiento y respeto de los derechos sociales y humanos entre la universidad y sus empleados\u201d.<\/p>\n<p><strong>4-2017.<\/strong> Se funda la C\u00e1tedra Honor\u00edfica para el estudio del pensamiento y la obra de Fidel Castro de la Universidad de Oriente, presidida por el Dr. Frank Josu\u00e9 Solar Cabrales.<\/p>\n<p><strong>10-1947.<\/strong> Con la presencia de la campana de Demajagua abre sus puertas la Universidad de Oriente con el prop\u00f3sito de \u201c\u2026renovar la ense\u00f1anza [superior] en Cuba\u2026\u201d. Inicia sus actividades docentes con las Facultades de Filosof\u00eda y Educaci\u00f3n o Letras, Derecho y Ciencias Comerciales e Ingenier\u00eda Qu\u00edmica Industrial (\u00fanica en el pa\u00eds) con las Escuelas de Derecho, Ciencias Comerciales, Pedagog\u00eda, Filosof\u00eda e Ingenier\u00eda Qu\u00edmica Industrial, provisionalmente, en el moderno edificio de la Escuela Provincial de Comercio de Oriente.<\/p>\n<p><strong>10-1948<\/strong>. Un grupo de profesores en declaraci\u00f3n p\u00fablica se manifiesta contrario a la privatizaci\u00f3n de la Universidad de Oriente y reafirma su decisi\u00f3n de luchar por una universidad AUT\u00d3NOMA, OFICIAL, DEMOCR\u00c1TICA Y CUBANA al servicio del pueblo cubano.<\/p>\n<p><strong>17-59.<\/strong> El comandante Ernesto Che Guevara visita por primera vez a la Universidad de Oriente para clausurar el ciclo de conferencias \u201cRevoluci\u00f3n y Universidad\u201d, que cont\u00f3 con la participaci\u00f3n de importantes personalidades de la cultura, la educaci\u00f3n y la ciencia.<\/p>\n<p><strong>19-1994.<\/strong> El Doctor Armando Hart D\u00e1valos intervino en el Claustro de Profesores de la Universidad de Oriente, donde llam\u00f3 a iniciar una reflexi\u00f3n en la Revoluci\u00f3n o \u2013con Mart\u00ed- una Revoluci\u00f3n en la reflexi\u00f3n para que todas las universidades inicien un di\u00e1logo cultural, en su seno y con la sociedad en su conjunto, acerca del significado que ten\u00eda en Cuba, la idea matriz que aparece en su escudo oficial: Ciencia y Conciencia.<\/p>\n<p><strong>22-1952<\/strong>. Fue inaugurada la cancha deportiva (Cancha Mambisa) escenario de m\u00faltiples acontecimientos deportivos, pol\u00edticos, culturales y recreativos ocurridos en la Universidad de Oriente.<\/p>\n<p><strong>26-1959<\/strong>. La Milicia Mambisa Universitaria deviene en Milicia Nacional Revolucionaria, cambiando sus miembros el uniforme compuesto por pantal\u00f3n negro, pul\u00f3ver blanco con un escudo con las siglas MMU, boina negra y botas; por el pantal\u00f3n verde olivo, la camisa de mezclilla azul y la boina tambi\u00e9n verde olivo.<\/p>\n<p><strong>27-1962<\/strong>. El comandante Ra\u00fal Castro, Ministro de las Fuerzas Armadas Revolucionarias, participa en el acto de despedida a 2 000 estudiantes santiagueros de la Universidad de Oriente y de las Escuelas Tecnol\u00f3gicas Pepito Tey y Antonio Maceo, que marchaban a las monta\u00f1as para reforzar la recogida de caf\u00e9, a los que dijo: \u201cPese a que la mayor\u00eda de ustedes quer\u00eda ocupar un puesto en las trincheras, consultamos a Fidel y se decidi\u00f3 que marcharan a las monta\u00f1as a recoger caf\u00e9\u201d.<\/p>\n<p><strong>30-1982.<\/strong> Por su contribuci\u00f3n al desarrollo de la cultura, el Consejo de Estado les otorg\u00f3 la orden F\u00e9lix Varela de Primer Grado a la Universidad de Oriente y la Distinci\u00f3n por la Cultura Cubana a la Revista Santiago.<\/p>\n<p>&nbsp;<\/p>\n<p style=\"text-align: center\"><em><strong>Noviembre<\/strong><\/em><\/p>\n<p><strong>1-52.<\/strong> Frente a las amenazas del gobierno de <em>facto <\/em>de eliminar la autonom\u00eda universitaria, el Comit\u00e9 Pro-Defensa de la Autonom\u00eda Universitaria de la Universidad de Oriente declar\u00f3 a la prensa: \u201c\u2026si la dictadura quiere m\u00e1s sangre estudiantil, el estudiantado de Oriente, Las Villas y La Habana, sabr\u00e1n hacer m\u00e1s extenso ese martirologio, defendiendo la Autonom\u00eda de las universidades\u201d.<\/p>\n<p><strong>2-1952.<\/strong> Muere el doctor Francisco Mart\u00ednez Anaya, fundador de la Universidad de Oriente, Decano de la Facultad de Derecho y Ciencias Comerciales y Director del Departamento de Extensi\u00f3n y Relaciones Culturales. Como justo homenaje a la contribuci\u00f3n dada por Anaya al desarrollo de la universidad, se puso su nombre a la Biblioteca General.<\/p>\n<p><strong>5-1958.<\/strong> Cuando tomaba parte en el combate de El Socorro, en el Segundo Frente Oriental Frank Pa\u00eds, muri\u00f3 heroicamente Eduardo Mesa LLul (Eduardito) integrante de la columna No 19 (Jos\u00e9 Tey) y ex alumno de la carrera de Derecho de la Universidad de Oriente.<\/p>\n<p><strong>6-1952.<\/strong> El acto efectuado en la Universidad de Oriente en contra de la pretensi\u00f3n del gobierno de <em>facto <\/em>de violar la Autonom\u00eda Universitaria, cont\u00f3 con la participaci\u00f3n de Frank Pa\u00eds, presidente de la Asociaci\u00f3n de Alumnos de la Escuela Normal.<\/p>\n<p><strong>13-69.<\/strong> Se desarroll\u00f3 la primera Asamblea de Balance del Partido Comunista de Cuba en la Universidad de Oriente que estuvo presidida por Ren\u00e9 Anillo Capote, Segundo Secretario del Partido en la provincia de Oriente, donde qued\u00f3 constituido el Comit\u00e9 del Partido del centro.<\/p>\n<p><strong>24-1962<\/strong>. Ra\u00fal Castro visita a la Universidad acompa\u00f1ando al Vice-Primer Ministro de la Uni\u00f3n Sovi\u00e9tica, Anastas Mikoy\u00e1n.<\/p>\n<p><strong>30-1956.<\/strong> Muere heroicamente cuando comandaba el ataque a la Estaci\u00f3n de la Polic\u00eda Nacional, Pepito Tey, ex alumno de la Escuela de Educaci\u00f3n de la Facultad de Filosof\u00eda y Letras, y ex presidente de la FEUO y del BEM en la de la Universidad de Oriente.<\/p>\n<p><strong>30-1964.<\/strong> El comandante Ernesto Che Guevara, sostuvo reuniones con las autoridades universitarias, los profesores y alumnos de las carreras de tecnolog\u00eda y econom\u00eda a los que expres\u00f3 la necesidad de formarse <em>\u201ccon los pies en la tierra y que puedan solucionar los problemas en cualquier parte que se le sit\u00fae\u201d<\/em>.<\/p>\n<p><strong>\u00a0<\/strong><\/p>\n<p style=\"text-align: center\"><em><strong>Diciembre<\/strong><\/em><\/p>\n<p><strong>2-1932.<\/strong> Nace en Santiago de Cuba, Jos\u00e9 Tey Saint-Blancard, Pepito, m\u00e1rtir universitario.<\/p>\n<p><strong>2-1960. <\/strong>El comandante Ra\u00fal Castro hizo acto de presencia en la Universidad de Oriente, junto a Fidel y los comandantes Calixto Garc\u00eda, Demetrio Montseny Villa y Ren\u00e9 Vallejo, luego de haber asistido en Manzanillo al sepelio del Comandante Manuel <em>Piti <\/em>Fajardo, muerto a manos de las bandas contrarrevolucionarias del Escambray.<\/p>\n<p><strong>7-1934.<\/strong> Nace en Santiago de Cuba Frank Pa\u00eds Garc\u00eda, m\u00e1rtir universitario.<\/p>\n<p><strong>7-1953. <\/strong>Las organizaciones estudiantiles de la segunda ense\u00f1anza y la FEUO mediante una manifestaci\u00f3n desde la Escuela Normal hasta la casa de Los Maceo, en que los j\u00f3venes gritaban \u00a1abajo el chacal Chaviano!, \u00a1D\u00edaz Tamayo, Diez x Uno!, \u00a1Abajo Batista!, un peque\u00f1o grupo de alumnos integrado entre otros por las hermanas Vilma y Nilsa Esp\u00edn Guillois, dejaron constancia del homenaje estudiantil al Lugarteniente General Antonio Maceo en el 57 Aniversario de su ca\u00edda.<\/p>\n<p><strong>8-1970.<\/strong> Se produce la primera graduaci\u00f3n de la Escuela de F\u00edsica de la Universidad de Oriente con 19 ingenieros f\u00edsicos.<\/p>\n<p><strong>15-1970.<\/strong> Se crea la revista <em>Santiago <\/em>publicaci\u00f3n que dio respuesta a las necesidades de divulgaci\u00f3n cultural e investigativas del claustro profesoral, cuyo director fundador fue el intelectual paname\u00f1o Nils Castro.<\/p>\n<p><strong>22-1951.<\/strong> El Presidente de la Rep\u00fablica, doctor Carlos Pr\u00edo Socarr\u00e1s,\u00a0 firm\u00f3 la Ley No. 13 que dotaba a las Universidades de Oriente y Las Villas, de una subvenci\u00f3n estatal fijada en $ 605 000. 00 y ratificaba su plena autonom\u00eda docente y administrativa.<\/p>\n<p><strong>28-1937<\/strong>. Nace en Santiago de Cuba, Josu\u00e9 Pa\u00eds Garc\u00eda, m\u00e1rtir universitario.<\/p>\n<p>&nbsp;<\/p>\n","protected":false},"excerpt":{"rendered":"<p>Efem\u00e9rides universitarias para la web del Departamento de Patrimonio (2do semestre de 2018) Julio 1955. Jorge Ibarra Cuesta, estudiante de Derecho y expresidente de la FEUO, en el art\u00edculo: \u201cEn defensa de la Universidad de Oriente\u201d publicado en Bohemia, refut\u00f3 las acusaciones en contra de los profesores del centro acusados de comunistas. 1961. Se acuerda [&hellip;]<\/p>\n","protected":false},"author":30,"featured_media":0,"parent":0,"menu_order":0,"comment_status":"closed","ping_status":"closed","template":"","meta":{"ngg_post_thumbnail":0,"footnotes":""},"class_list":["post-80","page","type-page","status-publish","czr-hentry"],"_links":{"self":[{"href":"https:\/\/blogs.uo.edu.cu\/patrimonio\/wp-json\/wp\/v2\/pages\/80","targetHints":{"allow":["GET"]}}],"collection":[{"href":"https:\/\/blogs.uo.edu.cu\/patrimonio\/wp-json\/wp\/v2\/pages"}],"about":[{"href":"https:\/\/blogs.uo.edu.cu\/patrimonio\/wp-json\/wp\/v2\/types\/page"}],"author":[{"embeddable":true,"href":"https:\/\/blogs.uo.edu.cu\/patrimonio\/wp-json\/wp\/v2\/users\/30"}],"replies":[{"embeddable":true,"href":"https:\/\/blogs.uo.edu.cu\/patrimonio\/wp-json\/wp\/v2\/comments?post=80"}],"version-history":[{"count":0,"href":"https:\/\/blogs.uo.edu.cu\/patrimonio\/wp-json\/wp\/v2\/pages\/80\/revisions"}],"wp:attachment":[{"href":"https:\/\/blogs.uo.edu.cu\/patrimonio\/wp-json\/wp\/v2\/media?parent=80"}],"curies":[{"name":"wp","href":"https:\/\/api.w.org\/{rel}","templated":true}]}}